{"id":9263,"date":"2025-07-21T13:47:07","date_gmt":"2025-07-21T11:47:07","guid":{"rendered":"https:\/\/www.hotel-cafe-central.at\/?page_id=9263"},"modified":"2025-07-21T13:56:32","modified_gmt":"2025-07-21T11:56:32","slug":"italiano-dichiarazione-di-accessibilita","status":"publish","type":"page","link":"https:\/\/www.hotel-cafe-central.at\/it\/italiano-dichiarazione-di-accessibilita\/","title":{"rendered":"Italiano: Dichiarazione di Accessibilit\u00e0"},"content":{"rendered":"<div class=\"fusion-fullwidth fullwidth-box fusion-builder-row-1 fusion-flex-container nonhundred-percent-fullwidth non-hundred-percent-height-scrolling\" style=\"--awb-border-radius-top-left:0px;--awb-border-radius-top-right:0px;--awb-border-radius-bottom-right:0px;--awb-border-radius-bottom-left:0px;--awb-flex-wrap:wrap;\" ><div class=\"fusion-builder-row fusion-row fusion-flex-align-items-flex-start fusion-flex-content-wrap\" style=\"max-width:1144px;margin-left: calc(-4% \/ 2 );margin-right: calc(-4% \/ 2 );\"><div class=\"fusion-layout-column fusion_builder_column fusion-builder-column-0 fusion_builder_column_1_1 1_1 fusion-flex-column\" style=\"--awb-bg-size:cover;--awb-width-large:100%;--awb-margin-top-large:0px;--awb-spacing-right-large:1.92%;--awb-margin-bottom-large:0px;--awb-spacing-left-large:1.92%;--awb-width-medium:100%;--awb-spacing-right-medium:1.92%;--awb-spacing-left-medium:1.92%;--awb-width-small:100%;--awb-spacing-right-small:1.92%;--awb-spacing-left-small:1.92%;\"><div class=\"fusion-column-wrapper fusion-flex-justify-content-flex-start fusion-content-layout-column\"><div class=\"fusion-text fusion-text-1\"><h1 data-start=\"3755\" data-end=\"4034\">Dichiarazione di Accessibilita<\/h1>\n<p data-start=\"3755\" data-end=\"4034\">Noi, Hotel Caf<b>e<\/b> Central GmbH, ci impegniamo a rendere il nostro sito web accessibile in conformit\u00e0 con la Legge sull\u2019Accessibilit\u00e0 (BaFG), che recepisce la Direttiva Europea sull\u2019Accessibilit\u00e0 (Direttiva UE 2019\/882) relativa ai requisiti di accessibilit\u00e0 per prodotti e servizi.<\/p>\n<p data-start=\"4036\" data-end=\"4139\">Abbiamo seguito le Linee guida per l&#8217;accessibilit\u00e0 dei contenuti web \u2013 WCAG 2.2 \u2013 per quanto possibile.<\/p>\n<p data-start=\"4141\" data-end=\"4270\">La presente dichiarazione di accessibilit\u00e0 si applica al sito web: <a class=\"\" href=\"https:\/\/www.hotel-cafe-central.at\/it\/\" target=\"_new\" rel=\"noopener\" data-start=\"4208\" data-end=\"4270\">www.hotel-cafe-central.at<\/a><\/p>\n<h3 data-start=\"4272\" data-end=\"4295\">Stato di conformit\u00e0<\/h3>\n<p data-start=\"4297\" data-end=\"4414\">Questo sito web \u00e8 <strong data-start=\"4315\" data-end=\"4340\">parzialmente conforme<\/strong> al <strong data-start=\"4344\" data-end=\"4373\">livello AA delle WCAG 2.2<\/strong>, a causa delle seguenti incompatibilit\u00e0.<\/p>\n<h3 data-start=\"4416\" data-end=\"4445\">Contenuti non accessibili<\/h3>\n<p data-start=\"4447\" data-end=\"4511\">I seguenti contenuti non sono accessibili per i motivi seguenti:<\/p>\n<p data-start=\"4513\" data-end=\"4565\"><strong data-start=\"4513\" data-end=\"4565\">INCOMPATIBILIT\u00c0 CON I REQUISITI DI ACCESSIBILIT\u00c0<\/strong><\/p>\n<ul data-start=\"4567\" data-end=\"5072\">\n<li data-start=\"4567\" data-end=\"4853\">\n<p data-start=\"4569\" data-end=\"4853\">Le immagini e le grafiche possono avere descrizioni alternative insufficienti o mancanti, violando il criterio di successo \u201cContenuti non testuali\u201d. Ci impegniamo ad aggiungere testi alternativi per i nuovi contenuti tempestivamente e ad aggiornare progressivamente quelli pi\u00f9 vecchi.<\/p>\n<\/li>\n<li data-start=\"4854\" data-end=\"5072\">\n<p data-start=\"4856\" data-end=\"5072\">Il layout del nostro sito segue gli standard tecnici attuali. Abbiamo eseguito controlli a campione sull\u2019ordine tecnico degli elementi principali. Se riscontri difficolt\u00e0, ti invitiamo a inviarci i tuoi suggerimenti.<\/p>\n<\/li>\n<\/ul>\n<p data-start=\"5074\" data-end=\"5139\"><strong data-start=\"5074\" data-end=\"5139\">Contenuti esclusi dall\u2019ambito di applicazione della normativa<\/strong><\/p>\n<ul data-start=\"5141\" data-end=\"5431\">\n<li data-start=\"5141\" data-end=\"5431\">\n<p data-start=\"5143\" data-end=\"5431\">Documenti PDF e Office, soprattutto quelli pi\u00f9 vecchi, non sono completamente accessibili. Ad esempio, i file PDF non sono taggati, quindi non sono leggibili o utilizzabili adeguatamente da utenti con screen reader. Pertanto, il criterio WCAG 4.1.2 (Nome, Ruolo, Valore) non \u00e8 rispettato.<\/p>\n<\/li>\n<\/ul>\n<h3 data-start=\"5433\" data-end=\"5449\">Prenotazioni<\/h3>\n<p data-start=\"5451\" data-end=\"5792\">Il nostro sistema di prenotazione online \u00e8 gestito tramite una piattaforma esterna (<a class=\"\" href=\"https:\/\/fideliobooking.at\/\" target=\"_new\" rel=\"noopener\" data-start=\"5535\" data-end=\"5591\">https:\/\/fideliobooking.at\/<\/a>). Non abbiamo controllo diretto sul suo design tecnico o sull\u2019accessibilit\u00e0. Per eventuali difficolt\u00e0, vi preghiamo di contattarci e provvederemo a inoltrare la segnalazione o a cercare una soluzione.<\/p>\n<h3 data-start=\"5794\" data-end=\"5803\">Video<\/h3>\n<p data-start=\"5805\" data-end=\"6073\">I video sono incorporati tramite la piattaforma YouTube. Non abbiamo un controllo diretto sull\u2019accessibilit\u00e0 dei contenuti video.<br \/>I video incorporati potrebbero non essere pienamente accessibili. Sottotitoli e audiodescrizioni potrebbero non essere sempre disponibili.<\/p>\n<h3 data-start=\"6075\" data-end=\"6134\">Redazione della presente dichiarazione di accessibilit\u00e0<\/h3>\n<p data-start=\"6136\" data-end=\"6389\">La presente dichiarazione \u00e8 stata redatta in data <strong data-start=\"6186\" data-end=\"6204\">14 luglio 2025<\/strong>. La valutazione della conformit\u00e0 del sito web alla legge \u00e8 stata effettuata tramite <strong data-start=\"6289\" data-end=\"6308\">autovalutazione<\/strong> secondo le WCAG 2.2.<br data-start=\"6329\" data-end=\"6332\">L\u2019ultima revisione \u00e8 avvenuta in data <strong data-start=\"6370\" data-end=\"6388\">14 luglio 2025<\/strong>.<\/p>\n<h3 data-start=\"6391\" data-end=\"6414\">Feedback e contatti<\/h3>\n<p data-start=\"6416\" data-end=\"6728\">Ci impegniamo costantemente a migliorare i servizi e contenuti del nostro sito. L\u2019usabilit\u00e0 e l\u2019accessibilit\u00e0 sono per noi molto importanti. Se notate barriere non descritte in questa dichiarazione, vi invitiamo a contattarci tramite il nostro sito <a class=\"\" href=\"https:\/\/www.hotel-cafe-central.at\/it\/\" target=\"_new\" rel=\"noopener\" data-start=\"6665\" data-end=\"6727\">www.hotel-cafe-central.at<\/a>.<\/p>\n<p data-start=\"6730\" data-end=\"6875\"><strong data-start=\"6730\" data-end=\"6742\">CONTATTI<\/strong><br data-start=\"6742\" data-end=\"6745\">Hotel Cafe Central GmbH<br data-start=\"6768\" data-end=\"6771\">Gilmstra\u00dfe 5<br data-start=\"6783\" data-end=\"6786\">A-6020 Innsbruck<br data-start=\"6802\" data-end=\"6805\">+43 (0) 512 5920<br data-start=\"6821\" data-end=\"6824\"><a class=\"cursor-pointer\" rel=\"noopener\" data-start=\"6824\" data-end=\"6875\">office@central.co.at<\/a><\/p>\n<h3 data-start=\"6877\" data-end=\"6901\">Procedura di reclamo<\/h3>\n<p data-start=\"6903\" data-end=\"7146\">Se non ricevete una risposta soddisfacente, potete presentare un reclamo all\u2019<strong data-start=\"6980\" data-end=\"7039\">Agenzia Austriaca per la Promozione della Ricerca (FFG)<\/strong>.<br data-start=\"7040\" data-end=\"7043\">I reclami possono essere inoltrati elettronicamente tramite il modulo di contatto dell\u2019ufficio reclami.<\/p>\n<p data-start=\"7148\" data-end=\"7292\">La FFG verificher\u00e0 se il reclamo riguarda una violazione della Legge sull\u2019Accessibilit\u00e0 web da parte del governo o di enti a esso riconducibili.<\/p>\n<p data-start=\"7294\" data-end=\"7411\">Se il reclamo \u00e8 fondato, la FFG emetter\u00e0 raccomandazioni e proporr\u00e0 misure per correggere i difetti di accessibilit\u00e0.<\/p>\n<\/div><\/div><\/div><\/div><\/div>\n","protected":false},"excerpt":{"rendered":"","protected":false},"author":10,"featured_media":0,"parent":0,"menu_order":0,"comment_status":"closed","ping_status":"open","template":"100-width.php","meta":{"footnotes":""},"class_list":["post-9263","page","type-page","status-publish","hentry"],"yoast_head":"<!-- This site is optimized with the Yoast SEO plugin v27.2 - https:\/\/yoast.com\/product\/yoast-seo-wordpress\/ -->\n<title>Italiano: Dichiarazione di Accessibilit\u00e0 - Hotel Cafe Central<\/title>\n<meta name=\"robots\" content=\"index, follow, max-snippet:-1, max-image-preview:large, max-video-preview:-1\" \/>\n<link rel=\"canonical\" href=\"https:\/\/www.hotel-cafe-central.at\/it\/italiano-dichiarazione-di-accessibilita\/\" \/>\n<meta property=\"og:locale\" content=\"it_IT\" \/>\n<meta property=\"og:type\" content=\"article\" \/>\n<meta property=\"og:title\" content=\"Italiano: Dichiarazione di Accessibilit\u00e0 - Hotel Cafe Central\" \/>\n<meta property=\"og:url\" content=\"https:\/\/www.hotel-cafe-central.at\/it\/italiano-dichiarazione-di-accessibilita\/\" \/>\n<meta property=\"og:site_name\" content=\"Hotel Cafe Central\" \/>\n<meta property=\"article:modified_time\" content=\"2025-07-21T11:56:32+00:00\" \/>\n<meta name=\"twitter:card\" content=\"summary_large_image\" \/>\n<script type=\"application\/ld+json\" class=\"yoast-schema-graph\">{\"@context\":\"https:\/\/schema.org\",\"@graph\":[{\"@type\":\"WebPage\",\"@id\":\"https:\/\/www.hotel-cafe-central.at\/it\/italiano-dichiarazione-di-accessibilita\/\",\"url\":\"https:\/\/www.hotel-cafe-central.at\/it\/italiano-dichiarazione-di-accessibilita\/\",\"name\":\"Italiano: Dichiarazione di Accessibilit\u00e0 - Hotel Cafe Central\",\"isPartOf\":{\"@id\":\"https:\/\/www.hotel-cafe-central.at\/#website\"},\"datePublished\":\"2025-07-21T11:47:07+00:00\",\"dateModified\":\"2025-07-21T11:56:32+00:00\",\"breadcrumb\":{\"@id\":\"https:\/\/www.hotel-cafe-central.at\/it\/italiano-dichiarazione-di-accessibilita\/#breadcrumb\"},\"inLanguage\":\"it-IT\",\"potentialAction\":[{\"@type\":\"ReadAction\",\"target\":[\"https:\/\/www.hotel-cafe-central.at\/it\/italiano-dichiarazione-di-accessibilita\/\"]}]},{\"@type\":\"BreadcrumbList\",\"@id\":\"https:\/\/www.hotel-cafe-central.at\/it\/italiano-dichiarazione-di-accessibilita\/#breadcrumb\",\"itemListElement\":[{\"@type\":\"ListItem\",\"position\":1,\"name\":\"Startseite\",\"item\":\"https:\/\/www.hotel-cafe-central.at\/it\/\"},{\"@type\":\"ListItem\",\"position\":2,\"name\":\"Italiano: Dichiarazione di Accessibilit\u00e0\"}]},{\"@type\":\"WebSite\",\"@id\":\"https:\/\/www.hotel-cafe-central.at\/#website\",\"url\":\"https:\/\/www.hotel-cafe-central.at\/\",\"name\":\"Hotel Cafe Central\",\"description\":\"4 Sterne Hotel mit Wiener Kaffeehaus im Zentrum von innsbruck\",\"potentialAction\":[{\"@type\":\"SearchAction\",\"target\":{\"@type\":\"EntryPoint\",\"urlTemplate\":\"https:\/\/www.hotel-cafe-central.at\/?s={search_term_string}\"},\"query-input\":{\"@type\":\"PropertyValueSpecification\",\"valueRequired\":true,\"valueName\":\"search_term_string\"}}],\"inLanguage\":\"it-IT\"}]}<\/script>\n<!-- \/ Yoast SEO plugin. -->","yoast_head_json":{"title":"Italiano: Dichiarazione di Accessibilit\u00e0 - Hotel Cafe Central","robots":{"index":"index","follow":"follow","max-snippet":"max-snippet:-1","max-image-preview":"max-image-preview:large","max-video-preview":"max-video-preview:-1"},"canonical":"https:\/\/www.hotel-cafe-central.at\/it\/italiano-dichiarazione-di-accessibilita\/","og_locale":"it_IT","og_type":"article","og_title":"Italiano: Dichiarazione di Accessibilit\u00e0 - Hotel Cafe Central","og_url":"https:\/\/www.hotel-cafe-central.at\/it\/italiano-dichiarazione-di-accessibilita\/","og_site_name":"Hotel Cafe Central","article_modified_time":"2025-07-21T11:56:32+00:00","twitter_card":"summary_large_image","schema":{"@context":"https:\/\/schema.org","@graph":[{"@type":"WebPage","@id":"https:\/\/www.hotel-cafe-central.at\/it\/italiano-dichiarazione-di-accessibilita\/","url":"https:\/\/www.hotel-cafe-central.at\/it\/italiano-dichiarazione-di-accessibilita\/","name":"Italiano: Dichiarazione di Accessibilit\u00e0 - Hotel Cafe Central","isPartOf":{"@id":"https:\/\/www.hotel-cafe-central.at\/#website"},"datePublished":"2025-07-21T11:47:07+00:00","dateModified":"2025-07-21T11:56:32+00:00","breadcrumb":{"@id":"https:\/\/www.hotel-cafe-central.at\/it\/italiano-dichiarazione-di-accessibilita\/#breadcrumb"},"inLanguage":"it-IT","potentialAction":[{"@type":"ReadAction","target":["https:\/\/www.hotel-cafe-central.at\/it\/italiano-dichiarazione-di-accessibilita\/"]}]},{"@type":"BreadcrumbList","@id":"https:\/\/www.hotel-cafe-central.at\/it\/italiano-dichiarazione-di-accessibilita\/#breadcrumb","itemListElement":[{"@type":"ListItem","position":1,"name":"Startseite","item":"https:\/\/www.hotel-cafe-central.at\/it\/"},{"@type":"ListItem","position":2,"name":"Italiano: Dichiarazione di Accessibilit\u00e0"}]},{"@type":"WebSite","@id":"https:\/\/www.hotel-cafe-central.at\/#website","url":"https:\/\/www.hotel-cafe-central.at\/","name":"Hotel Cafe Central","description":"4 Sterne Hotel mit Wiener Kaffeehaus im Zentrum von innsbruck","potentialAction":[{"@type":"SearchAction","target":{"@type":"EntryPoint","urlTemplate":"https:\/\/www.hotel-cafe-central.at\/?s={search_term_string}"},"query-input":{"@type":"PropertyValueSpecification","valueRequired":true,"valueName":"search_term_string"}}],"inLanguage":"it-IT"}]}},"_links":{"self":[{"href":"https:\/\/www.hotel-cafe-central.at\/it\/wp-json\/wp\/v2\/pages\/9263","targetHints":{"allow":["GET"]}}],"collection":[{"href":"https:\/\/www.hotel-cafe-central.at\/it\/wp-json\/wp\/v2\/pages"}],"about":[{"href":"https:\/\/www.hotel-cafe-central.at\/it\/wp-json\/wp\/v2\/types\/page"}],"author":[{"embeddable":true,"href":"https:\/\/www.hotel-cafe-central.at\/it\/wp-json\/wp\/v2\/users\/10"}],"replies":[{"embeddable":true,"href":"https:\/\/www.hotel-cafe-central.at\/it\/wp-json\/wp\/v2\/comments?post=9263"}],"version-history":[{"count":1,"href":"https:\/\/www.hotel-cafe-central.at\/it\/wp-json\/wp\/v2\/pages\/9263\/revisions"}],"predecessor-version":[{"id":9276,"href":"https:\/\/www.hotel-cafe-central.at\/it\/wp-json\/wp\/v2\/pages\/9263\/revisions\/9276"}],"wp:attachment":[{"href":"https:\/\/www.hotel-cafe-central.at\/it\/wp-json\/wp\/v2\/media?parent=9263"}],"curies":[{"name":"wp","href":"https:\/\/api.w.org\/{rel}","templated":true}]}}