{"id":2436,"date":"2019-11-18T16:10:04","date_gmt":"2019-11-18T15:10:04","guid":{"rendered":"https:\/\/www.hotel-cafe-central.at\/?page_id=2436"},"modified":"2025-06-10T12:00:56","modified_gmt":"2025-06-10T10:00:56","slug":"innsbruck-erleben","status":"publish","type":"page","link":"https:\/\/www.hotel-cafe-central.at\/it\/innsbruck-erleben\/","title":{"rendered":"INNSBRUCK ERLEBEN"},"content":{"rendered":"<p><div class=\"fusion-fullwidth fullwidth-box fusion-builder-row-1 fusion-parallax-none nonhundred-percent-fullwidth non-hundred-percent-height-scrolling\" style=\"--awb-border-radius-top-left:0px;--awb-border-radius-top-right:0px;--awb-border-radius-bottom-right:0px;--awb-border-radius-bottom-left:0px;--awb-padding-top:25%;--awb-padding-right:0px;--awb-padding-bottom:15%;--awb-padding-left:0px;--awb-background-image:url(&quot;https:\/\/www.hotel-cafe-central.at\/wp-content\/uploads\/2019\/10\/Innsbruck_Altstadt_Header.jpg&quot;);--awb-background-size:cover;--awb-flex-wrap:wrap;\" ><div class=\"fusion-builder-row fusion-row\"><\/div><\/div><div class=\"fusion-fullwidth fullwidth-box fusion-builder-row-2 nonhundred-percent-fullwidth non-hundred-percent-height-scrolling\" style=\"--awb-border-radius-top-left:0px;--awb-border-radius-top-right:0px;--awb-border-radius-bottom-right:0px;--awb-border-radius-bottom-left:0px;--awb-padding-top:0px;--awb-padding-right:2%;--awb-padding-bottom:0px;--awb-padding-left:2%;--awb-margin-top:0px;--awb-margin-bottom:0px;--awb-flex-wrap:wrap;\" ><div class=\"fusion-builder-row fusion-row\"><div class=\"fusion-layout-column fusion_builder_column fusion-builder-column-0 fusion_builder_column_1_1 1_1 fusion-one-full fusion-column-first fusion-column-last\" style=\"--awb-bg-size:cover;--awb-margin-bottom:0px;\"><div class=\"fusion-column-wrapper fusion-column-has-shadow fusion-flex-column-wrapper-legacy\"><div class=\"fusion-sep-clear\"><\/div><div class=\"fusion-separator fusion-full-width-sep\" style=\"margin-left: auto;margin-right: auto;margin-top:10%;width:100%;\"><\/div><div class=\"fusion-sep-clear\"><\/div><div class=\"fusion-text fusion-text-1\"><p style=\"text-align: center; --fontSize: 22; line-height: 1; --minFontSize: 22; color: rgb(230, 40, 54);\">UN VIAGGIO CHE MERITA SEMPRE<\/p>\n<h1 style=\"text-align: center; font-size: 60px; --fontSize: 60; line-height: 1;\" data-fontsize=\"60\" data-lineheight=\"60px\" class=\"fusion-responsive-typography-calculated\">VISITARE INNSBRUCK<\/h1>\n<\/div><div class=\"fusion-sep-clear\"><\/div><div class=\"fusion-separator\" style=\"margin-left: auto;margin-right: auto;margin-top:1%;margin-bottom:3%;width:100%;max-width:30%;\"><div class=\"fusion-separator-border sep-single sep-solid\" style=\"--awb-height:20px;--awb-amount:20px;--awb-sep-color:#b49133;border-color:#b49133;border-top-width:1px;\"><\/div><\/div><div class=\"fusion-sep-clear\"><\/div><div class=\"fusion-text fusion-text-2\"><p style=\"text-align: center;\">Innsbruck ha molto da offrire in ogni stagione dell&#8217;anno. Soggiornando all&#8217;Hotel Caf\u00e9 Central 4* vi trovate nel punto di partenza perfetto per ogni genere di escursione. Dove valga la pena andare, e quali siano le attrazioni da non perdere, lo scoprite qui:<\/p>\n<\/div><div class=\"fusion-clearfix\"><\/div><\/div><\/div><\/div><\/div><div class=\"fusion-fullwidth fullwidth-box fusion-builder-row-3 nonhundred-percent-fullwidth non-hundred-percent-height-scrolling\" style=\"--awb-border-radius-top-left:0px;--awb-border-radius-top-right:0px;--awb-border-radius-bottom-right:0px;--awb-border-radius-bottom-left:0px;--awb-padding-top:3%;--awb-padding-right:2%;--awb-padding-bottom:3%;--awb-padding-left:2%;--awb-margin-top:0px;--awb-margin-bottom:0px;--awb-background-color:#ffffff;--awb-flex-wrap:wrap;\" ><div class=\"fusion-builder-row fusion-row\"><div class=\"fusion-layout-column fusion_builder_column fusion-builder-column-1 fusion_builder_column_1_3 1_3 fusion-one-third fusion-column-first fusion-column-inner-bg-wrapper\" style=\"--awb-padding-top:5%;--awb-padding-right:5%;--awb-padding-bottom:2%;--awb-padding-left:5%;--awb-inner-bg-color:#e2e0e0;--awb-inner-bg-color-hover:#e2e0e0;--awb-inner-bg-size:cover;--awb-filter:brightness(100%);--awb-filter-transition:filter 0.3s ease;--awb-filter-hover:brightness(50%);--awb-margin-bottom:0px;width:33.333333333333%;width:calc(33.333333333333% - ( ( 1% + 1% ) * 0.33333333333333 ) );margin-right: 1%;\"><span class=\"fusion-column-inner-bg hover-type-none\"><a class=\"fusion-column-anchor\" href=\"https:\/\/www.innsbruck.info\/it\/attrazioni-turistiche\/innsbruck-card\/24-ore-a-innsbruck.html\" rel=\"noopener noreferrer\" target=\"_blank\"><span class=\"fusion-column-inner-bg-image\"><\/span><\/a><\/span><div class=\"fusion-column-wrapper fusion-column-has-shadow fusion-flex-column-wrapper-legacy\"><div class=\"fusion-image-element fusion-image-align-center in-legacy-container\" style=\"text-align:center;--awb-caption-title-font-family:var(--h2_typography-font-family);--awb-caption-title-font-weight:var(--h2_typography-font-weight);--awb-caption-title-font-style:var(--h2_typography-font-style);--awb-caption-title-size:var(--h2_typography-font-size);--awb-caption-title-transform:var(--h2_typography-text-transform);--awb-caption-title-line-height:var(--h2_typography-line-height);--awb-caption-title-letter-spacing:var(--h2_typography-letter-spacing);\"><div class=\"imageframe-align-center\"><span class=\" fusion-imageframe imageframe-none imageframe-1 hover-type-zoomin\"><img decoding=\"async\" width=\"1000\" height=\"800\" alt=\"Das goldene Dachl in Innsbruck.\" title=\"Innsbruck_GoldenesDachl-1000&#215;800\" src=\"https:\/\/www.hotel-cafe-central.at\/wp-content\/uploads\/2019\/10\/Innsbruck_GoldenesDachl-1000x800.jpg\" class=\"img-responsive wp-image-2028\" srcset=\"https:\/\/www.hotel-cafe-central.at\/wp-content\/uploads\/2019\/10\/Innsbruck_GoldenesDachl-1000x800-200x160.jpg 200w, https:\/\/www.hotel-cafe-central.at\/wp-content\/uploads\/2019\/10\/Innsbruck_GoldenesDachl-1000x800-400x320.jpg 400w, https:\/\/www.hotel-cafe-central.at\/wp-content\/uploads\/2019\/10\/Innsbruck_GoldenesDachl-1000x800-600x480.jpg 600w, https:\/\/www.hotel-cafe-central.at\/wp-content\/uploads\/2019\/10\/Innsbruck_GoldenesDachl-1000x800-800x640.jpg 800w\" sizes=\"(max-width: 800px) 100vw, 400px\" \/><\/span><\/div><\/div><div class=\"fusion-sep-clear\"><\/div><div class=\"fusion-separator fusion-full-width-sep\" style=\"margin-left: auto;margin-right: auto;margin-top:5%;width:100%;\"><\/div><div class=\"fusion-sep-clear\"><\/div><div class=\"fusion-text fusion-text-3\"><p style=\"text-align: center; --fontSize: 42; line-height: 1;\"><span style=\"color: rgb(230, 40, 54); font-size: 42px;\" data-fusion-font=\"true\">24 ore di tempo<\/span><\/p>\n<p style=\"text-align: center;\">scopri di pi\u00f9<span style=\"color: #e62836;\"><strong>&gt;<\/strong><\/span><\/p>\n<\/div><div class=\"fusion-clearfix\"><\/div><\/div><\/div><div class=\"fusion-layout-column fusion_builder_column fusion-builder-column-2 fusion_builder_column_1_3 1_3 fusion-one-third fusion-column-inner-bg-wrapper\" style=\"--awb-padding-top:5%;--awb-padding-right:5%;--awb-padding-bottom:2%;--awb-padding-left:5%;--awb-inner-bg-color:#e2e0e0;--awb-inner-bg-color-hover:#e2e0e0;--awb-inner-bg-size:cover;--awb-filter:brightness(100%);--awb-filter-transition:filter 0.3s ease;--awb-filter-hover:brightness(50%);--awb-margin-bottom:0px;width:33.333333333333%;width:calc(33.333333333333% - ( ( 1% + 1% ) * 0.33333333333333 ) );margin-right: 1%;\"><span class=\"fusion-column-inner-bg hover-type-none\"><a class=\"fusion-column-anchor\" href=\"https:\/\/www.innsbruck.info\/it\/attrazioni-turistiche\/innsbruck-card\/48-ore-a-innsbruck.html\" rel=\"noopener noreferrer\" target=\"_blank\"><span class=\"fusion-column-inner-bg-image\"><\/span><\/a><\/span><div class=\"fusion-column-wrapper fusion-column-has-shadow fusion-flex-column-wrapper-legacy\"><div class=\"fusion-image-element fusion-image-align-center in-legacy-container\" style=\"text-align:center;--awb-caption-title-font-family:var(--h2_typography-font-family);--awb-caption-title-font-weight:var(--h2_typography-font-weight);--awb-caption-title-font-style:var(--h2_typography-font-style);--awb-caption-title-size:var(--h2_typography-font-size);--awb-caption-title-transform:var(--h2_typography-text-transform);--awb-caption-title-line-height:var(--h2_typography-line-height);--awb-caption-title-letter-spacing:var(--h2_typography-letter-spacing);\"><div class=\"imageframe-align-center\"><span class=\" fusion-imageframe imageframe-none imageframe-2 hover-type-zoomin\"><img decoding=\"async\" width=\"1000\" height=\"800\" alt=\"Swarovski Kristallwelten.\" title=\"Innsbruck_Swarovski_1000x800\" src=\"https:\/\/www.hotel-cafe-central.at\/wp-content\/uploads\/2019\/10\/Innsbruck_Swarovski_1000x800.jpg\" class=\"img-responsive wp-image-2030\" srcset=\"https:\/\/www.hotel-cafe-central.at\/wp-content\/uploads\/2019\/10\/Innsbruck_Swarovski_1000x800-200x160.jpg 200w, https:\/\/www.hotel-cafe-central.at\/wp-content\/uploads\/2019\/10\/Innsbruck_Swarovski_1000x800-400x320.jpg 400w, https:\/\/www.hotel-cafe-central.at\/wp-content\/uploads\/2019\/10\/Innsbruck_Swarovski_1000x800-600x480.jpg 600w, https:\/\/www.hotel-cafe-central.at\/wp-content\/uploads\/2019\/10\/Innsbruck_Swarovski_1000x800-800x640.jpg 800w, https:\/\/www.hotel-cafe-central.at\/wp-content\/uploads\/2019\/10\/Innsbruck_Swarovski_1000x800.jpg 1000w\" sizes=\"(max-width: 800px) 100vw, 400px\" \/><\/span><\/div><\/div><div class=\"fusion-sep-clear\"><\/div><div class=\"fusion-separator fusion-full-width-sep\" style=\"margin-left: auto;margin-right: auto;margin-top:5%;width:100%;\"><\/div><div class=\"fusion-sep-clear\"><\/div><div class=\"fusion-text fusion-text-4\"><p style=\"text-align: center; --fontSize: 42; line-height: 1;\"><span style=\"color: rgb(230, 40, 54); font-size: 42px;\" data-fusion-font=\"true\">48 ore di tempo<\/span><\/p>\n<p style=\"text-align: center;\">scopri di pi\u00f9<span style=\"color: #e62836;\"><strong>&gt;<\/strong><\/span><\/p>\n<\/div><div class=\"fusion-clearfix\"><\/div><\/div><\/div><div class=\"fusion-layout-column fusion_builder_column fusion-builder-column-3 fusion_builder_column_1_3 1_3 fusion-one-third fusion-column-last fusion-column-inner-bg-wrapper\" style=\"--awb-padding-top:5%;--awb-padding-right:5%;--awb-padding-bottom:2%;--awb-padding-left:5%;--awb-inner-bg-color:#e2e0e0;--awb-inner-bg-color-hover:#e2e0e0;--awb-inner-bg-size:cover;--awb-filter:brightness(100%);--awb-filter-transition:filter 0.3s ease;--awb-filter-hover:brightness(50%);--awb-margin-bottom:0px;width:33.333333333333%;width:calc(33.333333333333% - ( ( 1% + 1% ) * 0.33333333333333 ) );\"><span class=\"fusion-column-inner-bg hover-type-none\"><a class=\"fusion-column-anchor\" href=\"https:\/\/www.innsbruck.info\/it\/attrazioni-turistiche\/innsbruck-card\/72-ore-a-innsbruck.html\" rel=\"noopener noreferrer\" target=\"_blank\"><span class=\"fusion-column-inner-bg-image\"><\/span><\/a><\/span><div class=\"fusion-column-wrapper fusion-column-has-shadow fusion-flex-column-wrapper-legacy\"><div class=\"fusion-image-element fusion-image-align-center in-legacy-container\" style=\"text-align:center;--awb-caption-title-font-family:var(--h2_typography-font-family);--awb-caption-title-font-weight:var(--h2_typography-font-weight);--awb-caption-title-font-style:var(--h2_typography-font-style);--awb-caption-title-size:var(--h2_typography-font-size);--awb-caption-title-transform:var(--h2_typography-text-transform);--awb-caption-title-line-height:var(--h2_typography-line-height);--awb-caption-title-letter-spacing:var(--h2_typography-letter-spacing);\"><div class=\"imageframe-align-center\"><span class=\" fusion-imageframe imageframe-none imageframe-3 hover-type-zoomin\"><img decoding=\"async\" width=\"1000\" height=\"800\" alt=\"Blick \u00fcber die Stadt Innsbruck.\" title=\"Innsbruck_Bergisel_1000x800\" src=\"https:\/\/www.hotel-cafe-central.at\/wp-content\/uploads\/2019\/10\/Innsbruck_Bergisel_1000x800.jpg\" class=\"img-responsive wp-image-2032\" srcset=\"https:\/\/www.hotel-cafe-central.at\/wp-content\/uploads\/2019\/10\/Innsbruck_Bergisel_1000x800-200x160.jpg 200w, https:\/\/www.hotel-cafe-central.at\/wp-content\/uploads\/2019\/10\/Innsbruck_Bergisel_1000x800-400x320.jpg 400w, https:\/\/www.hotel-cafe-central.at\/wp-content\/uploads\/2019\/10\/Innsbruck_Bergisel_1000x800-600x480.jpg 600w, https:\/\/www.hotel-cafe-central.at\/wp-content\/uploads\/2019\/10\/Innsbruck_Bergisel_1000x800-800x640.jpg 800w, https:\/\/www.hotel-cafe-central.at\/wp-content\/uploads\/2019\/10\/Innsbruck_Bergisel_1000x800.jpg 1000w\" sizes=\"(max-width: 800px) 100vw, 400px\" \/><\/span><\/div><\/div><div class=\"fusion-sep-clear\"><\/div><div class=\"fusion-separator fusion-full-width-sep\" style=\"margin-left: auto;margin-right: auto;margin-top:5%;width:100%;\"><\/div><div class=\"fusion-sep-clear\"><\/div><div class=\"fusion-text fusion-text-5\"><p style=\"text-align: center; --fontSize: 42; line-height: 1;\"><span style=\"color: rgb(230, 40, 54); font-size: 42px;\" data-fusion-font=\"true\">72 ore di tempo<\/span><\/p>\n<p style=\"text-align: center;\">scopri di pi\u00f9<span style=\"color: #e62836;\"><strong>&gt;<\/strong><\/span><\/p>\n<\/div><div class=\"fusion-clearfix\"><\/div><\/div><\/div><\/div><\/div><div class=\"fusion-fullwidth fullwidth-box fusion-builder-row-4 nonhundred-percent-fullwidth non-hundred-percent-height-scrolling\" style=\"--awb-border-radius-top-left:0px;--awb-border-radius-top-right:0px;--awb-border-radius-bottom-right:0px;--awb-border-radius-bottom-left:0px;--awb-padding-top:3%;--awb-padding-right:0px;--awb-padding-bottom:5%;--awb-padding-left:0px;--awb-margin-top:0px;--awb-margin-bottom:0px;--awb-background-color:#e2e0e0;--awb-flex-wrap:wrap;\" ><div class=\"fusion-builder-row fusion-row\"><div class=\"fusion-layout-column fusion_builder_column fusion-builder-column-4 fusion_builder_column_1_1 1_1 fusion-one-full fusion-column-first fusion-column-last\" style=\"--awb-bg-size:cover;--awb-margin-bottom:0px;\"><div class=\"fusion-column-wrapper fusion-column-has-shadow fusion-flex-column-wrapper-legacy\"><div class=\"fusion-menu-anchor\" id=\"card\"><\/div><div class=\"fusion-text fusion-text-6\"><p style=\"text-align: center; --fontSize: 22; line-height: 1; --minFontSize: 22; color: rgb(230, 40, 54);\">VI BASTA UN BIGLIETTO<\/p>\n<h2 style=\"text-align: center; font-size: 60px; --fontSize: 60; line-height: 1;\">LA INNSBRUCK CARD<\/h2>\n<\/div><div class=\"fusion-sep-clear\"><\/div><div class=\"fusion-separator\" style=\"margin-left: auto;margin-right: auto;margin-top:1%;margin-bottom:3%;width:100%;max-width:30%;\"><div class=\"fusion-separator-border sep-single sep-solid\" style=\"--awb-height:20px;--awb-amount:20px;--awb-sep-color:#b49133;border-color:#b49133;border-top-width:1px;\"><\/div><\/div><div class=\"fusion-sep-clear\"><\/div><div class=\"fusion-text fusion-text-7\"><p style=\"text-align: center;\">Con la Innsbruck Card avete in tasca un biglietto per godervi tutto quello che la citt\u00e0 ha da offrire dentro e fuori. A seconda della durata del soggiorno, la Innsbruck Card vi d\u00e0 accesso libero alle 40 pi\u00f9 belle attrazioni della citt\u00e0, inoltre potete circolare liberamente con i mezzi pubblici urbani e con gli impianti di risalita collegati a Innsbruck.<\/p>\n<\/div><div class=\"fusion-image-element fusion-image-align-center in-legacy-container\" style=\"text-align:center;--awb-max-width:250px;--awb-caption-title-font-family:var(--h2_typography-font-family);--awb-caption-title-font-weight:var(--h2_typography-font-weight);--awb-caption-title-font-style:var(--h2_typography-font-style);--awb-caption-title-size:var(--h2_typography-font-size);--awb-caption-title-transform:var(--h2_typography-text-transform);--awb-caption-title-line-height:var(--h2_typography-line-height);--awb-caption-title-letter-spacing:var(--h2_typography-letter-spacing);\"><div class=\"imageframe-align-center\"><span class=\" fusion-imageframe imageframe-none imageframe-4 hover-type-zoomin\"><a class=\"fusion-no-lightbox\" href=\"https:\/\/www.innsbruck.info\/it\/attrazioni-turistiche\/innsbruck-card.html\" target=\"_blank\" aria-label=\"Innsbruck_Card\" rel=\"noopener noreferrer\"><img decoding=\"async\" width=\"809\" height=\"605\" alt=\"Innsbruck Card.\" src=\"https:\/\/www.hotel-cafe-central.at\/wp-content\/uploads\/2019\/10\/Innsbruck_Card.png\" class=\"img-responsive wp-image-2056\" srcset=\"https:\/\/www.hotel-cafe-central.at\/wp-content\/uploads\/2019\/10\/Innsbruck_Card-200x150.png 200w, https:\/\/www.hotel-cafe-central.at\/wp-content\/uploads\/2019\/10\/Innsbruck_Card-400x299.png 400w, https:\/\/www.hotel-cafe-central.at\/wp-content\/uploads\/2019\/10\/Innsbruck_Card-600x449.png 600w, https:\/\/www.hotel-cafe-central.at\/wp-content\/uploads\/2019\/10\/Innsbruck_Card-800x598.png 800w, https:\/\/www.hotel-cafe-central.at\/wp-content\/uploads\/2019\/10\/Innsbruck_Card.png 809w\" sizes=\"(max-width: 800px) 100vw, 809px\" \/><\/a><\/span><\/div><\/div><div class=\"fusion-sep-clear\"><\/div><div class=\"fusion-separator fusion-full-width-sep\" style=\"margin-left: auto;margin-right: auto;margin-top:1%;width:100%;\"><\/div><div class=\"fusion-sep-clear\"><\/div><div class=\"fusion-clearfix\"><\/div><\/div><\/div><\/div><\/div><div class=\"fusion-fullwidth fullwidth-box fusion-builder-row-5 nonhundred-percent-fullwidth non-hundred-percent-height-scrolling\" style=\"--awb-border-radius-top-left:0px;--awb-border-radius-top-right:0px;--awb-border-radius-bottom-right:0px;--awb-border-radius-bottom-left:0px;--awb-padding-top:3%;--awb-padding-right:2%;--awb-padding-bottom:1%;--awb-padding-left:2%;--awb-margin-top:0px;--awb-margin-bottom:0px;--awb-background-color:#ffffff;--awb-flex-wrap:wrap;\" ><div class=\"fusion-builder-row fusion-row\"><div class=\"fusion-layout-column fusion_builder_column fusion-builder-column-5 fusion_builder_column_1_1 1_1 fusion-one-full fusion-column-first fusion-column-last\" style=\"--awb-bg-size:cover;--awb-margin-bottom:0px;\"><div class=\"fusion-column-wrapper fusion-column-has-shadow fusion-flex-column-wrapper-legacy\"><div class=\"fusion-menu-anchor\" id=\"shopping\"><\/div><div class=\"fusion-text fusion-text-8\"><p style=\"text-align: center; --fontSize: 22; line-height: 1; --minFontSize: 22; color: rgb(230, 40, 54);\">UN REGALO PER SE STESSI O PER UNA PERSONA CARA<\/p>\n<h2 style=\"text-align: center; font-size: 60px; --fontSize: 60; line-height: 1;\">SHOPPING A INNSBRUCK<\/h2>\n<\/div><div class=\"fusion-sep-clear\"><\/div><div class=\"fusion-separator\" style=\"margin-left: auto;margin-right: auto;margin-top:1%;margin-bottom:3%;width:100%;max-width:30%;\"><div class=\"fusion-separator-border sep-single sep-solid\" style=\"--awb-height:20px;--awb-amount:20px;--awb-sep-color:#b49133;border-color:#b49133;border-top-width:1px;\"><\/div><\/div><div class=\"fusion-sep-clear\"><\/div><div class=\"fusion-text fusion-text-9\"><p style=\"text-align: center;\">Negli ultimi anni Innsbruck \u00e8 diventata una meta imperdibile per appassionati di shopping e fashionisti. Al di l\u00e0 dei molti centri commerciali che troverete in centro, vale la pena perdersi nel cuore dell&#8217;incantevole centro storico andando alla scoperta di occasioni imperdibili per chi \u00e8 attento alla moda e allo sport. Qui trovate un elenco dei principali centri commerciali, negozi di sport e di altri articoli.<\/p>\n<\/div><div class=\"fusion-sep-clear\"><\/div><div class=\"fusion-separator fusion-full-width-sep\" style=\"margin-left: auto;margin-right: auto;margin-top:2%;width:100%;\"><\/div><div class=\"fusion-sep-clear\"><\/div><div class=\"fusion-clearfix\"><\/div><\/div><\/div><div class=\"fusion-layout-column fusion_builder_column fusion-builder-column-6 fusion_builder_column_1_1 1_1 fusion-one-full fusion-column-first fusion-column-last fusion-column-inner-bg-wrapper\" style=\"--awb-padding-top:3%;--awb-padding-right:3%;--awb-padding-bottom:1%;--awb-padding-left:3%;--awb-inner-bg-color:#e2e0e0;--awb-inner-bg-color-hover:#e2e0e0;--awb-inner-bg-size:cover;--awb-filter:brightness(100%);--awb-filter-transition:filter 0.3s ease;--awb-filter-hover:brightness(50%);--awb-margin-bottom:0px;\"><span class=\"fusion-column-inner-bg hover-type-none\"><a class=\"fusion-column-anchor\" href=\"https:\/\/www.innsbruck.info\/it\/vivi-la-regione-di-innsbruck\/shopping\/ricera-shopping.html\" rel=\"noopener noreferrer\" target=\"_blank\"><span class=\"fusion-column-inner-bg-image\"><\/span><\/a><\/span><div class=\"fusion-column-wrapper fusion-column-has-shadow fusion-flex-column-wrapper-legacy\"><div class=\"fusion-image-element fusion-image-align-center in-legacy-container\" style=\"text-align:center;--awb-caption-title-font-family:var(--h2_typography-font-family);--awb-caption-title-font-weight:var(--h2_typography-font-weight);--awb-caption-title-font-style:var(--h2_typography-font-style);--awb-caption-title-size:var(--h2_typography-font-size);--awb-caption-title-transform:var(--h2_typography-text-transform);--awb-caption-title-line-height:var(--h2_typography-line-height);--awb-caption-title-letter-spacing:var(--h2_typography-letter-spacing);\"><div class=\"imageframe-align-center\"><span class=\" fusion-imageframe imageframe-none imageframe-5 hover-type-zoomin\"><img decoding=\"async\" width=\"2000\" height=\"800\" alt=\"Zwei Frau beim shoppen in einem Gesch\u00e4ft.\" title=\"Innsbruck-Shopping_2000\" src=\"https:\/\/www.hotel-cafe-central.at\/wp-content\/uploads\/2019\/10\/Innsbruck-Shopping_2000.jpg\" class=\"img-responsive wp-image-2034\" srcset=\"https:\/\/www.hotel-cafe-central.at\/wp-content\/uploads\/2019\/10\/Innsbruck-Shopping_2000-200x80.jpg 200w, https:\/\/www.hotel-cafe-central.at\/wp-content\/uploads\/2019\/10\/Innsbruck-Shopping_2000-400x160.jpg 400w, https:\/\/www.hotel-cafe-central.at\/wp-content\/uploads\/2019\/10\/Innsbruck-Shopping_2000-600x240.jpg 600w, https:\/\/www.hotel-cafe-central.at\/wp-content\/uploads\/2019\/10\/Innsbruck-Shopping_2000-800x320.jpg 800w, https:\/\/www.hotel-cafe-central.at\/wp-content\/uploads\/2019\/10\/Innsbruck-Shopping_2000-1200x480.jpg 1200w, https:\/\/www.hotel-cafe-central.at\/wp-content\/uploads\/2019\/10\/Innsbruck-Shopping_2000.jpg 2000w\" sizes=\"(max-width: 800px) 100vw, 1200px\" \/><\/span><\/div><\/div><div class=\"fusion-sep-clear\"><\/div><div class=\"fusion-separator fusion-full-width-sep\" style=\"margin-left: auto;margin-right: auto;margin-top:2%;width:100%;\"><\/div><div class=\"fusion-sep-clear\"><\/div><div class=\"fusion-text fusion-text-10\"><p style=\"text-align: center; --fontSize: 42; line-height: 1;\"><span style=\"color: #e62836; font-size: 25px;\">Cliccate qui per scoprire centri commerciali, negozi di sport e di altri articoli.<\/span><\/p>\n<p style=\"text-align: center;\">scopri di pi\u00f9<span style=\"color: #e62836;\"><strong>&gt;<\/strong><\/span><\/p>\n<\/div><div class=\"fusion-clearfix\"><\/div><\/div><\/div><\/div><\/div><div class=\"fusion-fullwidth fullwidth-box fusion-builder-row-6 nonhundred-percent-fullwidth non-hundred-percent-height-scrolling\" style=\"--awb-border-radius-top-left:0px;--awb-border-radius-top-right:0px;--awb-border-radius-bottom-right:0px;--awb-border-radius-bottom-left:0px;--awb-padding-top:3%;--awb-padding-right:2%;--awb-padding-bottom:3%;--awb-padding-left:2%;--awb-margin-top:0px;--awb-margin-bottom:0px;--awb-background-color:#ffffff;--awb-flex-wrap:wrap;\" ><div class=\"fusion-builder-row fusion-row\"><div class=\"fusion-layout-column fusion_builder_column fusion-builder-column-7 fusion_builder_column_1_1 1_1 fusion-one-full fusion-column-first fusion-column-last\" style=\"--awb-bg-size:cover;--awb-margin-bottom:0px;\"><div class=\"fusion-column-wrapper fusion-column-has-shadow fusion-flex-column-wrapper-legacy\"><div class=\"fusion-menu-anchor\" id=\"top\"><\/div><div class=\"fusion-text fusion-text-11\"><p style=\"text-align: center; --fontSize: 22; line-height: 1; --minFontSize: 22; color: rgb(230, 40, 54);\">COSA BISOGNA VEDERE<\/p>\n<h2 style=\"text-align: center; font-size: 60px; --fontSize: 60; line-height: 1;\">LE MIGLIORI ATTRAZIONI DI INNSBRUCK<\/h2>\n<\/div><div class=\"fusion-sep-clear\"><\/div><div class=\"fusion-separator\" style=\"margin-left: auto;margin-right: auto;margin-top:1%;margin-bottom:3%;width:100%;max-width:30%;\"><div class=\"fusion-separator-border sep-single sep-solid\" style=\"--awb-height:20px;--awb-amount:20px;--awb-sep-color:#b49133;border-color:#b49133;border-top-width:1px;\"><\/div><\/div><div class=\"fusion-sep-clear\"><\/div><div class=\"fusion-text fusion-text-12\"><p style=\"text-align: center;\">La torre Eiffel a Parigi, la fontana di Trevi a Roma, il Big Ben a Londra. Ci sono attrazioni che visitando una citt\u00e0 bisogna assolutamente vedere. Quelle che a Innsbruck sono imperdibili le scoprite qui.<\/p>\n<\/div><div class=\"fusion-sep-clear\"><\/div><div class=\"fusion-separator fusion-full-width-sep\" style=\"margin-left: auto;margin-right: auto;margin-top:2%;width:100%;\"><\/div><div class=\"fusion-sep-clear\"><\/div><div class=\"fusion-clearfix\"><\/div><\/div><\/div><div class=\"fusion-layout-column fusion_builder_column fusion-builder-column-8 fusion_builder_column_1_3 1_3 fusion-one-third fusion-column-first fusion-column-inner-bg-wrapper\" style=\"--awb-padding-top:5%;--awb-padding-right:5%;--awb-padding-bottom:2%;--awb-padding-left:5%;--awb-inner-bg-color:#e2e0e0;--awb-inner-bg-color-hover:#e2e0e0;--awb-inner-bg-size:cover;--awb-filter:brightness(100%);--awb-filter-transition:filter 0.3s ease;--awb-filter-hover:brightness(50%);--awb-margin-bottom:0px;width:33.333333333333%;width:calc(33.333333333333% - ( ( 1% + 1% ) * 0.33333333333333 ) );margin-right: 1%;\"><span class=\"fusion-column-inner-bg hover-type-none\"><a class=\"fusion-column-anchor\" href=\"https:\/\/www.innsbruck.info\/it\/attrazioni-turistiche\/la-nordkette.html\" rel=\"noopener noreferrer\" target=\"_blank\"><span class=\"fusion-column-inner-bg-image\"><\/span><\/a><\/span><div class=\"fusion-column-wrapper fusion-column-has-shadow fusion-flex-column-wrapper-legacy\"><div class=\"fusion-image-element fusion-image-align-center in-legacy-container\" style=\"text-align:center;--awb-caption-title-font-family:var(--h2_typography-font-family);--awb-caption-title-font-weight:var(--h2_typography-font-weight);--awb-caption-title-font-style:var(--h2_typography-font-style);--awb-caption-title-size:var(--h2_typography-font-size);--awb-caption-title-transform:var(--h2_typography-text-transform);--awb-caption-title-line-height:var(--h2_typography-line-height);--awb-caption-title-letter-spacing:var(--h2_typography-letter-spacing);\"><div class=\"imageframe-align-center\"><span class=\" fusion-imageframe imageframe-none imageframe-6 hover-type-zoomin\"><img decoding=\"async\" width=\"1000\" height=\"800\" alt=\"Eine Gondel auf der Nordkette.\" title=\"Innsbruck_Nordkette_1000x800\" src=\"https:\/\/www.hotel-cafe-central.at\/wp-content\/uploads\/2019\/10\/Innsbruck_Nordkette_1000x800.jpg\" class=\"img-responsive wp-image-2036\" srcset=\"https:\/\/www.hotel-cafe-central.at\/wp-content\/uploads\/2019\/10\/Innsbruck_Nordkette_1000x800-200x160.jpg 200w, https:\/\/www.hotel-cafe-central.at\/wp-content\/uploads\/2019\/10\/Innsbruck_Nordkette_1000x800-400x320.jpg 400w, https:\/\/www.hotel-cafe-central.at\/wp-content\/uploads\/2019\/10\/Innsbruck_Nordkette_1000x800-600x480.jpg 600w, https:\/\/www.hotel-cafe-central.at\/wp-content\/uploads\/2019\/10\/Innsbruck_Nordkette_1000x800-800x640.jpg 800w, https:\/\/www.hotel-cafe-central.at\/wp-content\/uploads\/2019\/10\/Innsbruck_Nordkette_1000x800.jpg 1000w\" sizes=\"(max-width: 800px) 100vw, 400px\" \/><\/span><\/div><\/div><div class=\"fusion-sep-clear\"><\/div><div class=\"fusion-separator fusion-full-width-sep\" style=\"margin-left: auto;margin-right: auto;margin-top:3%;width:100%;\"><\/div><div class=\"fusion-sep-clear\"><\/div><div class=\"fusion-text fusion-text-13\"><h3 style=\"text-align: center; --fontSize: 42; line-height: 1;\"><span style=\"color: #e62836; font-size: 25px;\">Salire sull&#8217;Hafelekar<\/span><\/h3>\n<p style=\"text-align: center;\">scopri di pi\u00f9 <span style=\"color: #e62836;\"><strong>&gt;<\/strong><\/span><\/p>\n<\/div><div class=\"fusion-clearfix\"><\/div><\/div><\/div><div class=\"fusion-layout-column fusion_builder_column fusion-builder-column-9 fusion_builder_column_1_3 1_3 fusion-one-third fusion-column-inner-bg-wrapper\" style=\"--awb-padding-top:5%;--awb-padding-right:5%;--awb-padding-bottom:2%;--awb-padding-left:5%;--awb-inner-bg-color:#e2e0e0;--awb-inner-bg-color-hover:#e2e0e0;--awb-inner-bg-size:cover;--awb-filter:brightness(100%);--awb-filter-transition:filter 0.3s ease;--awb-filter-hover:brightness(50%);--awb-margin-bottom:0px;width:33.333333333333%;width:calc(33.333333333333% - ( ( 1% + 1% ) * 0.33333333333333 ) );margin-right: 1%;\"><span class=\"fusion-column-inner-bg hover-type-none\"><a class=\"fusion-column-anchor\" href=\"https:\/\/www.innsbruck.info\/it\/attrazioni-turistiche\/patscherkofel-una-montagna-di-contrasti.html\" rel=\"noopener noreferrer\" target=\"_blank\"><span class=\"fusion-column-inner-bg-image\"><\/span><\/a><\/span><div class=\"fusion-column-wrapper fusion-column-has-shadow fusion-flex-column-wrapper-legacy\"><div class=\"fusion-image-element fusion-image-align-center in-legacy-container\" style=\"text-align:center;--awb-caption-title-font-family:var(--h2_typography-font-family);--awb-caption-title-font-weight:var(--h2_typography-font-weight);--awb-caption-title-font-style:var(--h2_typography-font-style);--awb-caption-title-size:var(--h2_typography-font-size);--awb-caption-title-transform:var(--h2_typography-text-transform);--awb-caption-title-line-height:var(--h2_typography-line-height);--awb-caption-title-letter-spacing:var(--h2_typography-letter-spacing);\"><div class=\"imageframe-align-center\"><span class=\" fusion-imageframe imageframe-none imageframe-7 hover-type-zoomin\"><img decoding=\"async\" width=\"1000\" height=\"800\" alt=\"Der verschneite Patscherkofel.\" title=\"Innsbruck-Patscherkofel-1000&#215;800\" src=\"https:\/\/www.hotel-cafe-central.at\/wp-content\/uploads\/2019\/10\/Innsbruck-Patscherkofel-1000x800.jpg\" class=\"img-responsive wp-image-2038\" srcset=\"https:\/\/www.hotel-cafe-central.at\/wp-content\/uploads\/2019\/10\/Innsbruck-Patscherkofel-1000x800-200x160.jpg 200w, https:\/\/www.hotel-cafe-central.at\/wp-content\/uploads\/2019\/10\/Innsbruck-Patscherkofel-1000x800-400x320.jpg 400w, https:\/\/www.hotel-cafe-central.at\/wp-content\/uploads\/2019\/10\/Innsbruck-Patscherkofel-1000x800-600x480.jpg 600w, https:\/\/www.hotel-cafe-central.at\/wp-content\/uploads\/2019\/10\/Innsbruck-Patscherkofel-1000x800-800x640.jpg 800w\" sizes=\"(max-width: 800px) 100vw, 400px\" \/><\/span><\/div><\/div><div class=\"fusion-sep-clear\"><\/div><div class=\"fusion-separator fusion-full-width-sep\" style=\"margin-left: auto;margin-right: auto;margin-top:3%;width:100%;\"><\/div><div class=\"fusion-sep-clear\"><\/div><div class=\"fusion-text fusion-text-14\"><h3 style=\"text-align: center; --fontSize: 42; line-height: 1;\"><span style=\"color: #e62836; font-size: 25px;\">Alla scoperta del Patscherkofel<\/span><\/h3>\n<p style=\"text-align: center;\">scopri di pi\u00f9  <span style=\"color: #e62836;\"><strong>&gt;<\/strong><\/span><\/p>\n<\/div><div class=\"fusion-clearfix\"><\/div><\/div><\/div><div class=\"fusion-layout-column fusion_builder_column fusion-builder-column-10 fusion_builder_column_1_3 1_3 fusion-one-third fusion-column-last fusion-column-inner-bg-wrapper\" style=\"--awb-padding-top:5%;--awb-padding-right:5%;--awb-padding-bottom:2%;--awb-padding-left:5%;--awb-inner-bg-color:#e2e0e0;--awb-inner-bg-color-hover:#e2e0e0;--awb-inner-bg-size:cover;--awb-filter:brightness(100%);--awb-filter-transition:filter 0.3s ease;--awb-filter-hover:brightness(50%);--awb-margin-bottom:0px;width:33.333333333333%;width:calc(33.333333333333% - ( ( 1% + 1% ) * 0.33333333333333 ) );\"><span class=\"fusion-column-inner-bg hover-type-none\"><a class=\"fusion-column-anchor\" href=\"https:\/\/www.innsbruck.info\/it\/attrazioni-turistiche\/citta-gola-trampolino.html\" rel=\"noopener noreferrer\" target=\"_blank\"><span class=\"fusion-column-inner-bg-image\"><\/span><\/a><\/span><div class=\"fusion-column-wrapper fusion-column-has-shadow fusion-flex-column-wrapper-legacy\"><div class=\"fusion-image-element fusion-image-align-center in-legacy-container\" style=\"text-align:center;--awb-caption-title-font-family:var(--h2_typography-font-family);--awb-caption-title-font-weight:var(--h2_typography-font-weight);--awb-caption-title-font-style:var(--h2_typography-font-style);--awb-caption-title-size:var(--h2_typography-font-size);--awb-caption-title-transform:var(--h2_typography-text-transform);--awb-caption-title-line-height:var(--h2_typography-line-height);--awb-caption-title-letter-spacing:var(--h2_typography-letter-spacing);\"><div class=\"imageframe-align-center\"><span class=\" fusion-imageframe imageframe-none imageframe-8 hover-type-zoomin\"><img decoding=\"async\" width=\"1000\" height=\"800\" alt=\"\u00dcberblick \u00fcber Innsbruck.\" title=\"Innsbruck_Bergisel_1000x800\" src=\"https:\/\/www.hotel-cafe-central.at\/wp-content\/uploads\/2019\/10\/Innsbruck_Bergisel_1000x800-1.jpg\" class=\"img-responsive wp-image-2040\" srcset=\"https:\/\/www.hotel-cafe-central.at\/wp-content\/uploads\/2019\/10\/Innsbruck_Bergisel_1000x800-1-200x160.jpg 200w, https:\/\/www.hotel-cafe-central.at\/wp-content\/uploads\/2019\/10\/Innsbruck_Bergisel_1000x800-1-400x320.jpg 400w, https:\/\/www.hotel-cafe-central.at\/wp-content\/uploads\/2019\/10\/Innsbruck_Bergisel_1000x800-1-600x480.jpg 600w, https:\/\/www.hotel-cafe-central.at\/wp-content\/uploads\/2019\/10\/Innsbruck_Bergisel_1000x800-1-800x640.jpg 800w, https:\/\/www.hotel-cafe-central.at\/wp-content\/uploads\/2019\/10\/Innsbruck_Bergisel_1000x800-1.jpg 1000w\" sizes=\"(max-width: 800px) 100vw, 400px\" \/><\/span><\/div><\/div><div class=\"fusion-sep-clear\"><\/div><div class=\"fusion-separator fusion-full-width-sep\" style=\"margin-left: auto;margin-right: auto;margin-top:3%;width:100%;\"><\/div><div class=\"fusion-sep-clear\"><\/div><div class=\"fusion-text fusion-text-15\"><h3 style=\"text-align: center; --fontSize: 42; line-height: 1;\"><span style=\"color: #e62836; font-size: 25px;\">Il trampolino del Bergisel<\/span><\/h3>\n<p style=\"text-align: center;\">scopri di pi\u00f9 <span style=\"color: #e62836;\"><strong>&gt;<\/strong><\/span><\/p>\n<\/div><div class=\"fusion-clearfix\"><\/div><\/div><\/div><div class=\"fusion-layout-column fusion_builder_column fusion-builder-column-11 fusion_builder_column_1_3 1_3 fusion-one-third fusion-column-first fusion-column-inner-bg-wrapper\" style=\"--awb-padding-top:5%;--awb-padding-right:5%;--awb-padding-bottom:2%;--awb-padding-left:5%;--awb-inner-bg-color:#e2e0e0;--awb-inner-bg-color-hover:#e2e0e0;--awb-inner-bg-size:cover;--awb-filter:brightness(100%);--awb-filter-transition:filter 0.3s ease;--awb-filter-hover:brightness(50%);--awb-margin-top:3%;--awb-margin-bottom:0px;width:33.333333333333%;width:calc(33.333333333333% - ( ( 1% + 1% ) * 0.33333333333333 ) );margin-right: 1%;\"><span class=\"fusion-column-inner-bg hover-type-none\"><a class=\"fusion-column-anchor\" href=\"https:\/\/blog.innsbruck.info\/it\/categoria\/persone-storie\/\" rel=\"noopener noreferrer\" target=\"_blank\"><span class=\"fusion-column-inner-bg-image\"><\/span><\/a><\/span><div class=\"fusion-column-wrapper fusion-column-has-shadow fusion-flex-column-wrapper-legacy\"><div class=\"fusion-image-element fusion-image-align-center in-legacy-container\" style=\"text-align:center;--awb-caption-title-font-family:var(--h2_typography-font-family);--awb-caption-title-font-weight:var(--h2_typography-font-weight);--awb-caption-title-font-style:var(--h2_typography-font-style);--awb-caption-title-size:var(--h2_typography-font-size);--awb-caption-title-transform:var(--h2_typography-text-transform);--awb-caption-title-line-height:var(--h2_typography-line-height);--awb-caption-title-letter-spacing:var(--h2_typography-letter-spacing);\"><div class=\"imageframe-align-center\"><span class=\" fusion-imageframe imageframe-none imageframe-9 hover-type-zoomin\"><img decoding=\"async\" width=\"1000\" height=\"800\" alt=\"Blick auf bunte H\u00e4user in Innsbruck.\" title=\"Innsbruck_TopFotopoints_1000x800\" src=\"https:\/\/www.hotel-cafe-central.at\/wp-content\/uploads\/2019\/10\/Innsbruck_TopFotopoints_1000x800.jpg\" class=\"img-responsive wp-image-2042\" srcset=\"https:\/\/www.hotel-cafe-central.at\/wp-content\/uploads\/2019\/10\/Innsbruck_TopFotopoints_1000x800-200x160.jpg 200w, https:\/\/www.hotel-cafe-central.at\/wp-content\/uploads\/2019\/10\/Innsbruck_TopFotopoints_1000x800-400x320.jpg 400w, https:\/\/www.hotel-cafe-central.at\/wp-content\/uploads\/2019\/10\/Innsbruck_TopFotopoints_1000x800-600x480.jpg 600w, https:\/\/www.hotel-cafe-central.at\/wp-content\/uploads\/2019\/10\/Innsbruck_TopFotopoints_1000x800-800x640.jpg 800w, https:\/\/www.hotel-cafe-central.at\/wp-content\/uploads\/2019\/10\/Innsbruck_TopFotopoints_1000x800.jpg 1000w\" sizes=\"(max-width: 800px) 100vw, 400px\" \/><\/span><\/div><\/div><div class=\"fusion-sep-clear\"><\/div><div class=\"fusion-separator fusion-full-width-sep\" style=\"margin-left: auto;margin-right: auto;margin-top:3%;width:100%;\"><\/div><div class=\"fusion-sep-clear\"><\/div><div class=\"fusion-text fusion-text-16\"><h3 style=\"text-align: center; --fontSize: 42; line-height: 1;\"><span style=\"color: #e62836; font-size: 25px;\">Top-Fotopoints<\/span><\/h3>\n<p style=\"text-align: center;\">scopri di pi\u00f9 <span style=\"color: #e62836;\"><strong>&gt;<\/strong><\/span><\/p>\n<\/div><div class=\"fusion-clearfix\"><\/div><\/div><\/div><div class=\"fusion-layout-column fusion_builder_column fusion-builder-column-12 fusion_builder_column_1_3 1_3 fusion-one-third fusion-column-inner-bg-wrapper\" style=\"--awb-padding-top:5%;--awb-padding-right:5%;--awb-padding-bottom:2%;--awb-padding-left:5%;--awb-inner-bg-color:#e2e0e0;--awb-inner-bg-color-hover:#e2e0e0;--awb-inner-bg-size:cover;--awb-filter:brightness(100%);--awb-filter-transition:filter 0.3s ease;--awb-filter-hover:brightness(50%);--awb-margin-top:3%;--awb-margin-bottom:0px;width:33.333333333333%;width:calc(33.333333333333% - ( ( 1% + 1% ) * 0.33333333333333 ) );margin-right: 1%;\"><span class=\"fusion-column-inner-bg hover-type-none\"><a class=\"fusion-column-anchor\" href=\"https:\/\/www.innsbruck.info\/it\/attrazioni-turistiche\/piattaforme-panoramiche.html\" rel=\"noopener noreferrer\" target=\"_blank\"><span class=\"fusion-column-inner-bg-image\"><\/span><\/a><\/span><div class=\"fusion-column-wrapper fusion-column-has-shadow fusion-flex-column-wrapper-legacy\"><div class=\"fusion-image-element fusion-image-align-center in-legacy-container\" style=\"text-align:center;--awb-caption-title-font-family:var(--h2_typography-font-family);--awb-caption-title-font-weight:var(--h2_typography-font-weight);--awb-caption-title-font-style:var(--h2_typography-font-style);--awb-caption-title-size:var(--h2_typography-font-size);--awb-caption-title-transform:var(--h2_typography-text-transform);--awb-caption-title-line-height:var(--h2_typography-line-height);--awb-caption-title-letter-spacing:var(--h2_typography-letter-spacing);\"><div class=\"imageframe-align-center\"><span class=\" fusion-imageframe imageframe-none imageframe-10 hover-type-zoomin\"><img decoding=\"async\" width=\"1000\" height=\"800\" alt=\"Zwei Personen stehen auf einer \" title=\"Innsbruck_Aussichtsplattformen_1000x800\" src=\"https:\/\/www.hotel-cafe-central.at\/wp-content\/uploads\/2019\/10\/Innsbruck_Aussichtsplattformen_1000x800.jpg\" class=\"img-responsive wp-image-2044\" srcset=\"https:\/\/www.hotel-cafe-central.at\/wp-content\/uploads\/2019\/10\/Innsbruck_Aussichtsplattformen_1000x800-200x160.jpg 200w, https:\/\/www.hotel-cafe-central.at\/wp-content\/uploads\/2019\/10\/Innsbruck_Aussichtsplattformen_1000x800-400x320.jpg 400w, https:\/\/www.hotel-cafe-central.at\/wp-content\/uploads\/2019\/10\/Innsbruck_Aussichtsplattformen_1000x800-600x480.jpg 600w, https:\/\/www.hotel-cafe-central.at\/wp-content\/uploads\/2019\/10\/Innsbruck_Aussichtsplattformen_1000x800-800x640.jpg 800w, https:\/\/www.hotel-cafe-central.at\/wp-content\/uploads\/2019\/10\/Innsbruck_Aussichtsplattformen_1000x800.jpg 1000w\" sizes=\"(max-width: 800px) 100vw, 400px\" \/><\/span><\/div><\/div><div class=\"fusion-sep-clear\"><\/div><div class=\"fusion-separator fusion-full-width-sep\" style=\"margin-left: auto;margin-right: auto;margin-top:3%;width:100%;\"><\/div><div class=\"fusion-sep-clear\"><\/div><div class=\"fusion-text fusion-text-17\"><h3 style=\"text-align: center; --fontSize: 42; line-height: 1;\"><span style=\"color: #e62836; font-size: 25px;\">Punti panoramici<\/span><\/h3>\n<p style=\"text-align: center;\">scopri di pi\u00f9 <span style=\"color: #e62836;\"><strong>&gt;<\/strong><\/span><\/p>\n<\/div><div class=\"fusion-clearfix\"><\/div><\/div><\/div><div class=\"fusion-layout-column fusion_builder_column fusion-builder-column-13 fusion_builder_column_1_3 1_3 fusion-one-third fusion-column-last fusion-column-inner-bg-wrapper\" style=\"--awb-padding-top:5%;--awb-padding-right:5%;--awb-padding-bottom:2%;--awb-padding-left:5%;--awb-inner-bg-color:#e2e0e0;--awb-inner-bg-color-hover:#e2e0e0;--awb-inner-bg-size:cover;--awb-filter:brightness(100%);--awb-filter-transition:filter 0.3s ease;--awb-filter-hover:brightness(50%);--awb-margin-top:3%;--awb-margin-bottom:0px;width:33.333333333333%;width:calc(33.333333333333% - ( ( 1% + 1% ) * 0.33333333333333 ) );\"><span class=\"fusion-column-inner-bg hover-type-none\"><a class=\"fusion-column-anchor\" href=\"https:\/\/www.innsbruck.info\/it\/attrazioni-turistiche\/attrazioni-turistiche\/sightseer.html\" rel=\"noopener noreferrer\" target=\"_blank\"><span class=\"fusion-column-inner-bg-image\"><\/span><\/a><\/span><div class=\"fusion-column-wrapper fusion-column-has-shadow fusion-flex-column-wrapper-legacy\"><div class=\"fusion-image-element fusion-image-align-center in-legacy-container\" style=\"text-align:center;--awb-caption-title-font-family:var(--h2_typography-font-family);--awb-caption-title-font-weight:var(--h2_typography-font-weight);--awb-caption-title-font-style:var(--h2_typography-font-style);--awb-caption-title-size:var(--h2_typography-font-size);--awb-caption-title-transform:var(--h2_typography-text-transform);--awb-caption-title-line-height:var(--h2_typography-line-height);--awb-caption-title-letter-spacing:var(--h2_typography-letter-spacing);\"><div class=\"imageframe-align-center\"><span class=\" fusion-imageframe imageframe-none imageframe-11 hover-type-zoomin\"><img decoding=\"async\" width=\"1000\" height=\"800\" alt=\"Ein roter Linienbus.\" title=\"Innsbruck-Sightseer_1000x800\" src=\"https:\/\/www.hotel-cafe-central.at\/wp-content\/uploads\/2019\/10\/Innsbruck-Sightseer_1000x800.jpg\" class=\"img-responsive wp-image-2046\" srcset=\"https:\/\/www.hotel-cafe-central.at\/wp-content\/uploads\/2019\/10\/Innsbruck-Sightseer_1000x800-200x160.jpg 200w, https:\/\/www.hotel-cafe-central.at\/wp-content\/uploads\/2019\/10\/Innsbruck-Sightseer_1000x800-400x320.jpg 400w, https:\/\/www.hotel-cafe-central.at\/wp-content\/uploads\/2019\/10\/Innsbruck-Sightseer_1000x800-600x480.jpg 600w, https:\/\/www.hotel-cafe-central.at\/wp-content\/uploads\/2019\/10\/Innsbruck-Sightseer_1000x800-800x640.jpg 800w, https:\/\/www.hotel-cafe-central.at\/wp-content\/uploads\/2019\/10\/Innsbruck-Sightseer_1000x800.jpg 1000w\" sizes=\"(max-width: 800px) 100vw, 400px\" \/><\/span><\/div><\/div><div class=\"fusion-sep-clear\"><\/div><div class=\"fusion-separator fusion-full-width-sep\" style=\"margin-left: auto;margin-right: auto;margin-top:3%;width:100%;\"><\/div><div class=\"fusion-sep-clear\"><\/div><div class=\"fusion-text fusion-text-18\"><h3 style=\"text-align: center; --fontSize: 42; line-height: 1;\"><span style=\"color: #e62836; font-size: 25px;\">Hop-On Hop-Off Bus<\/span><\/h3>\n<p style=\"text-align: center;\">scopri di pi\u00f9 <span style=\"color: #e62836;\"><strong>&gt;<\/strong><\/span><\/p>\n<\/div><div class=\"fusion-clearfix\"><\/div><\/div><\/div><\/div><\/div><div class=\"fusion-fullwidth fullwidth-box fusion-builder-row-7 fusion-flex-container has-pattern-background has-mask-background fusion-parallax-none nonhundred-percent-fullwidth non-hundred-percent-height-scrolling\" style=\"--awb-border-radius-top-left:0px;--awb-border-radius-top-right:0px;--awb-border-radius-bottom-right:0px;--awb-border-radius-bottom-left:0px;--awb-padding-top:5%;--awb-padding-right:2%;--awb-padding-bottom:5%;--awb-padding-left:2%;--awb-margin-top:0px;--awb-margin-bottom:0px;--awb-background-color:#ffffff;--awb-background-image:url(&quot;https:\/\/www.hotel-cafe-central.at\/wp-content\/uploads\/2019\/10\/Skifahren_HG_2500_hell.jpg&quot;);--awb-background-size:cover;--awb-flex-wrap:wrap;\" ><div class=\"fusion-builder-row fusion-row fusion-flex-align-items-center fusion-flex-justify-content-space-between fusion-flex-content-wrap\" style=\"max-width:1144px;margin-left: calc(-4% \/ 2 );margin-right: calc(-4% \/ 2 );\"><div class=\"fusion-layout-column fusion_builder_column fusion-builder-column-14 fusion_builder_column_1_1 1_1 fusion-flex-column\" style=\"--awb-bg-size:cover;--awb-width-large:100%;--awb-margin-top-large:0px;--awb-spacing-right-large:1.92%;--awb-margin-bottom-large:0px;--awb-spacing-left-large:1.92%;--awb-width-medium:100%;--awb-spacing-right-medium:1.92%;--awb-spacing-left-medium:1.92%;--awb-width-small:100%;--awb-spacing-right-small:1.92%;--awb-spacing-left-small:1.92%;\"><div class=\"fusion-column-wrapper fusion-column-has-shadow fusion-flex-justify-content-flex-start fusion-content-layout-column\"><div class=\"fusion-menu-anchor\" id=\"skifahren\"><\/div><div class=\"fusion-text fusion-text-19\"><p style=\"text-align: center; --fontSize: 22; line-height: 1; --minFontSize: 22; color: rgb(230, 40, 54);\">L&#8217;ESPERIENZA INVERNALE PERFETTA<\/p>\n<h2 style=\"text-align: center; font-size: 60px; --fontSize: 60; line-height: 1;\">SCIARE A INNSBRUCK<\/h2>\n<\/div><div class=\"fusion-separator\" style=\"align-self: center;margin-left: auto;margin-right: auto;margin-top:1%;margin-bottom:3%;width:100%;max-width:30%;\"><div class=\"fusion-separator-border sep-single sep-solid\" style=\"--awb-height:20px;--awb-amount:20px;--awb-sep-color:#b49133;border-color:#b49133;border-top-width:1px;\"><\/div><\/div><div class=\"fusion-text fusion-text-20\"><p style=\"text-align: center;\">A Innsbruck ci vogliono pochi minuti per passare dalla vita urbana alla natura alpina. Soprattutto in inverno, gli appassionati di sport trovano opportunit\u00e0 straordinarie per divertirsi sulla neve intorno alla citt\u00e0. Cominciando dalle piste olimpioniche, vi aspettano sciate in tutta una serie di localit\u00e0 facilmente raggiungibili.<\/p>\n<\/div><div class=\"fusion-separator fusion-full-width-sep\" style=\"align-self: center;margin-left: auto;margin-right: auto;margin-top:2%;width:100%;\"><\/div><\/div><\/div><div class=\"fusion-layout-column fusion_builder_column fusion-builder-column-15 fusion_builder_column_1_1 1_1 fusion-flex-column fusion-column-inner-bg-wrapper\" style=\"--awb-padding-top:3%;--awb-padding-right:3%;--awb-padding-bottom:1%;--awb-padding-left:3%;--awb-inner-bg-color:#ffffff;--awb-inner-bg-color-hover:#ffffff;--awb-inner-bg-size:cover;--awb-filter:brightness(100%);--awb-filter-transition:filter 0.3s ease;--awb-filter-hover:brightness(50%);--awb-width-large:100%;--awb-margin-top-large:3%;--awb-spacing-right-large:1.92%;--awb-margin-bottom-large:0px;--awb-spacing-left-large:1.92%;--awb-width-medium:100%;--awb-spacing-right-medium:1.92%;--awb-spacing-left-medium:1.92%;--awb-width-small:100%;--awb-spacing-right-small:1.92%;--awb-spacing-left-small:1.92%;\"><span class=\"fusion-column-inner-bg hover-type-none\"><a class=\"fusion-column-anchor\" href=\"https:\/\/www.innsbruck.info\/it\/sciare.html\" rel=\"noopener noreferrer\" target=\"_blank\"><span class=\"fusion-column-inner-bg-image\"><\/span><\/a><\/span><div class=\"fusion-column-wrapper fusion-column-has-shadow fusion-flex-justify-content-flex-start fusion-content-layout-column\"><div class=\"fusion-image-element \" style=\"text-align:center;--awb-caption-title-font-family:var(--h2_typography-font-family);--awb-caption-title-font-weight:var(--h2_typography-font-weight);--awb-caption-title-font-style:var(--h2_typography-font-style);--awb-caption-title-size:var(--h2_typography-font-size);--awb-caption-title-transform:var(--h2_typography-text-transform);--awb-caption-title-line-height:var(--h2_typography-line-height);--awb-caption-title-letter-spacing:var(--h2_typography-letter-spacing);\"><span class=\" fusion-imageframe imageframe-none imageframe-12 hover-type-zoomin\"><img decoding=\"async\" width=\"2000\" height=\"978\" alt=\"Ein Skifahrer auf der Piste.\" title=\"Skifahren_2000\" src=\"https:\/\/www.hotel-cafe-central.at\/wp-content\/uploads\/2023\/08\/Skifahren_2000-1.jpg\" class=\"img-responsive wp-image-5665\" srcset=\"https:\/\/www.hotel-cafe-central.at\/wp-content\/uploads\/2023\/08\/Skifahren_2000-1-200x98.jpg 200w, https:\/\/www.hotel-cafe-central.at\/wp-content\/uploads\/2023\/08\/Skifahren_2000-1-400x196.jpg 400w, https:\/\/www.hotel-cafe-central.at\/wp-content\/uploads\/2023\/08\/Skifahren_2000-1-600x293.jpg 600w, https:\/\/www.hotel-cafe-central.at\/wp-content\/uploads\/2023\/08\/Skifahren_2000-1-800x391.jpg 800w, https:\/\/www.hotel-cafe-central.at\/wp-content\/uploads\/2023\/08\/Skifahren_2000-1-1200x587.jpg 1200w, https:\/\/www.hotel-cafe-central.at\/wp-content\/uploads\/2023\/08\/Skifahren_2000-1.jpg 2000w\" sizes=\"(max-width: 1024px) 100vw, (max-width: 640px) 100vw, 1200px\" \/><\/span><\/div><div class=\"fusion-separator fusion-full-width-sep\" style=\"align-self: center;margin-left: auto;margin-right: auto;margin-top:2%;width:100%;\"><\/div><div class=\"fusion-text fusion-text-21\"><h3 style=\"text-align: center; --fontSize: 42; line-height: 1;\"><span style=\"color: #e62836; font-size: 25px;\">Sciare nella regione di Innsbruck<\/span><\/h3>\n<p style=\"text-align: center;\">scopri di pi\u00f9 <span style=\"color: #e62836;\"><strong>&gt;<\/strong><\/span><\/p>\n<\/div><\/div><\/div><div class=\"fusion-layout-column fusion_builder_column fusion-builder-column-16 fusion_builder_column_1_1 1_1 fusion-flex-column fusion-column-inner-bg-wrapper\" style=\"--awb-padding-top:3%;--awb-padding-right:3%;--awb-padding-bottom:1%;--awb-padding-left:3%;--awb-inner-bg-color:#ffffff;--awb-inner-bg-color-hover:#ffffff;--awb-inner-bg-size:cover;--awb-filter:brightness(100%);--awb-filter-transition:filter 0.3s ease;--awb-filter-hover:brightness(50%);--awb-width-large:100%;--awb-margin-top-large:3%;--awb-spacing-right-large:1.92%;--awb-margin-bottom-large:0px;--awb-spacing-left-large:1.92%;--awb-width-medium:100%;--awb-spacing-right-medium:1.92%;--awb-spacing-left-medium:1.92%;--awb-width-small:100%;--awb-spacing-right-small:1.92%;--awb-spacing-left-small:1.92%;\"><span class=\"fusion-column-inner-bg hover-type-none\"><a class=\"fusion-column-anchor\" href=\"https:\/\/www.axamer-lizum.at\/en\/\" rel=\"noopener noreferrer\" target=\"_blank\"><span class=\"fusion-column-inner-bg-image\"><\/span><\/a><\/span><div class=\"fusion-column-wrapper fusion-column-has-shadow fusion-flex-justify-content-flex-start fusion-content-layout-column\"><div class=\"fusion-image-element \" style=\"text-align:center;--awb-caption-title-font-family:var(--h2_typography-font-family);--awb-caption-title-font-weight:var(--h2_typography-font-weight);--awb-caption-title-font-style:var(--h2_typography-font-style);--awb-caption-title-size:var(--h2_typography-font-size);--awb-caption-title-transform:var(--h2_typography-text-transform);--awb-caption-title-line-height:var(--h2_typography-line-height);--awb-caption-title-letter-spacing:var(--h2_typography-letter-spacing);\"><span class=\" fusion-imageframe imageframe-none imageframe-13 hover-type-zoomin\"><img decoding=\"async\" width=\"2000\" height=\"978\" alt=\"Ein Mann und eine Frau in Winterkleidung \" title=\"Skifahren_AxamerLizum_2000\" src=\"https:\/\/www.hotel-cafe-central.at\/wp-content\/uploads\/2019\/10\/Skifahren_AxamerLizum_2000-1.jpg\" class=\"img-responsive wp-image-2096\" srcset=\"https:\/\/www.hotel-cafe-central.at\/wp-content\/uploads\/2019\/10\/Skifahren_AxamerLizum_2000-1-200x98.jpg 200w, https:\/\/www.hotel-cafe-central.at\/wp-content\/uploads\/2019\/10\/Skifahren_AxamerLizum_2000-1-400x196.jpg 400w, https:\/\/www.hotel-cafe-central.at\/wp-content\/uploads\/2019\/10\/Skifahren_AxamerLizum_2000-1-600x293.jpg 600w, https:\/\/www.hotel-cafe-central.at\/wp-content\/uploads\/2019\/10\/Skifahren_AxamerLizum_2000-1-800x391.jpg 800w, https:\/\/www.hotel-cafe-central.at\/wp-content\/uploads\/2019\/10\/Skifahren_AxamerLizum_2000-1-1200x587.jpg 1200w, https:\/\/www.hotel-cafe-central.at\/wp-content\/uploads\/2019\/10\/Skifahren_AxamerLizum_2000-1.jpg 2000w\" sizes=\"(max-width: 1024px) 100vw, (max-width: 640px) 100vw, 1200px\" \/><\/span><\/div><div class=\"fusion-separator fusion-full-width-sep\" style=\"align-self: center;margin-left: auto;margin-right: auto;margin-top:2%;width:100%;\"><\/div><div class=\"fusion-text fusion-text-22\"><h3 style=\"text-align: center; --fontSize: 42; line-height: 1;\"><span style=\"color: #e62836; font-size: 25px;\">A soli 19 km di distanza vi aspetta un comprensorio sciistico con 10 funivie e impianti di risalita<\/span><\/h3>\n<p style=\"text-align: center;\">scopri di pi\u00f9 <span style=\"color: #e62836;\"><strong>&gt;<\/strong><\/span><\/p>\n<\/div><\/div><\/div><\/div><\/div><\/p>\n","protected":false},"excerpt":{"rendered":"","protected":false},"author":3,"featured_media":0,"parent":0,"menu_order":0,"comment_status":"closed","ping_status":"open","template":"100-width.php","meta":{"footnotes":""},"class_list":["post-2436","page","type-page","status-publish","hentry"],"yoast_head":"<!-- This site is optimized with the Yoast SEO plugin v27.2 - https:\/\/yoast.com\/product\/yoast-seo-wordpress\/ -->\n<title>INNSBRUCK ERLEBEN - Hotel Cafe Central<\/title>\n<meta name=\"robots\" content=\"index, follow, max-snippet:-1, max-image-preview:large, max-video-preview:-1\" \/>\n<link rel=\"canonical\" href=\"https:\/\/www.hotel-cafe-central.at\/it\/innsbruck-erleben\/\" \/>\n<meta property=\"og:locale\" content=\"it_IT\" \/>\n<meta property=\"og:type\" content=\"article\" \/>\n<meta property=\"og:title\" content=\"INNSBRUCK ERLEBEN - Hotel Cafe Central\" \/>\n<meta property=\"og:url\" content=\"https:\/\/www.hotel-cafe-central.at\/it\/innsbruck-erleben\/\" \/>\n<meta property=\"og:site_name\" content=\"Hotel Cafe Central\" \/>\n<meta property=\"article:modified_time\" content=\"2025-06-10T10:00:56+00:00\" \/>\n<meta name=\"twitter:card\" content=\"summary_large_image\" \/>\n<meta name=\"twitter:label1\" content=\"Tempo di lettura stimato\" \/>\n\t<meta name=\"twitter:data1\" content=\"18 minuti\" \/>\n<script type=\"application\/ld+json\" class=\"yoast-schema-graph\">{\"@context\":\"https:\/\/schema.org\",\"@graph\":[{\"@type\":\"WebPage\",\"@id\":\"https:\/\/www.hotel-cafe-central.at\/it\/innsbruck-erleben\/\",\"url\":\"https:\/\/www.hotel-cafe-central.at\/it\/innsbruck-erleben\/\",\"name\":\"INNSBRUCK ERLEBEN - Hotel Cafe Central\",\"isPartOf\":{\"@id\":\"https:\/\/www.hotel-cafe-central.at\/#website\"},\"datePublished\":\"2019-11-18T15:10:04+00:00\",\"dateModified\":\"2025-06-10T10:00:56+00:00\",\"breadcrumb\":{\"@id\":\"https:\/\/www.hotel-cafe-central.at\/it\/innsbruck-erleben\/#breadcrumb\"},\"inLanguage\":\"it-IT\",\"potentialAction\":[{\"@type\":\"ReadAction\",\"target\":[\"https:\/\/www.hotel-cafe-central.at\/it\/innsbruck-erleben\/\"]}]},{\"@type\":\"BreadcrumbList\",\"@id\":\"https:\/\/www.hotel-cafe-central.at\/it\/innsbruck-erleben\/#breadcrumb\",\"itemListElement\":[{\"@type\":\"ListItem\",\"position\":1,\"name\":\"Startseite\",\"item\":\"https:\/\/www.hotel-cafe-central.at\/it\/\"},{\"@type\":\"ListItem\",\"position\":2,\"name\":\"INNSBRUCK ERLEBEN\"}]},{\"@type\":\"WebSite\",\"@id\":\"https:\/\/www.hotel-cafe-central.at\/#website\",\"url\":\"https:\/\/www.hotel-cafe-central.at\/\",\"name\":\"Hotel Cafe Central\",\"description\":\"4 Sterne Hotel mit Wiener Kaffeehaus im Zentrum von innsbruck\",\"potentialAction\":[{\"@type\":\"SearchAction\",\"target\":{\"@type\":\"EntryPoint\",\"urlTemplate\":\"https:\/\/www.hotel-cafe-central.at\/?s={search_term_string}\"},\"query-input\":{\"@type\":\"PropertyValueSpecification\",\"valueRequired\":true,\"valueName\":\"search_term_string\"}}],\"inLanguage\":\"it-IT\"}]}<\/script>\n<!-- \/ Yoast SEO plugin. -->","yoast_head_json":{"title":"INNSBRUCK ERLEBEN - Hotel Cafe Central","robots":{"index":"index","follow":"follow","max-snippet":"max-snippet:-1","max-image-preview":"max-image-preview:large","max-video-preview":"max-video-preview:-1"},"canonical":"https:\/\/www.hotel-cafe-central.at\/it\/innsbruck-erleben\/","og_locale":"it_IT","og_type":"article","og_title":"INNSBRUCK ERLEBEN - Hotel Cafe Central","og_url":"https:\/\/www.hotel-cafe-central.at\/it\/innsbruck-erleben\/","og_site_name":"Hotel Cafe Central","article_modified_time":"2025-06-10T10:00:56+00:00","twitter_card":"summary_large_image","twitter_misc":{"Tempo di lettura stimato":"18 minuti"},"schema":{"@context":"https:\/\/schema.org","@graph":[{"@type":"WebPage","@id":"https:\/\/www.hotel-cafe-central.at\/it\/innsbruck-erleben\/","url":"https:\/\/www.hotel-cafe-central.at\/it\/innsbruck-erleben\/","name":"INNSBRUCK ERLEBEN - Hotel Cafe Central","isPartOf":{"@id":"https:\/\/www.hotel-cafe-central.at\/#website"},"datePublished":"2019-11-18T15:10:04+00:00","dateModified":"2025-06-10T10:00:56+00:00","breadcrumb":{"@id":"https:\/\/www.hotel-cafe-central.at\/it\/innsbruck-erleben\/#breadcrumb"},"inLanguage":"it-IT","potentialAction":[{"@type":"ReadAction","target":["https:\/\/www.hotel-cafe-central.at\/it\/innsbruck-erleben\/"]}]},{"@type":"BreadcrumbList","@id":"https:\/\/www.hotel-cafe-central.at\/it\/innsbruck-erleben\/#breadcrumb","itemListElement":[{"@type":"ListItem","position":1,"name":"Startseite","item":"https:\/\/www.hotel-cafe-central.at\/it\/"},{"@type":"ListItem","position":2,"name":"INNSBRUCK ERLEBEN"}]},{"@type":"WebSite","@id":"https:\/\/www.hotel-cafe-central.at\/#website","url":"https:\/\/www.hotel-cafe-central.at\/","name":"Hotel Cafe Central","description":"4 Sterne Hotel mit Wiener Kaffeehaus im Zentrum von innsbruck","potentialAction":[{"@type":"SearchAction","target":{"@type":"EntryPoint","urlTemplate":"https:\/\/www.hotel-cafe-central.at\/?s={search_term_string}"},"query-input":{"@type":"PropertyValueSpecification","valueRequired":true,"valueName":"search_term_string"}}],"inLanguage":"it-IT"}]}},"_links":{"self":[{"href":"https:\/\/www.hotel-cafe-central.at\/it\/wp-json\/wp\/v2\/pages\/2436","targetHints":{"allow":["GET"]}}],"collection":[{"href":"https:\/\/www.hotel-cafe-central.at\/it\/wp-json\/wp\/v2\/pages"}],"about":[{"href":"https:\/\/www.hotel-cafe-central.at\/it\/wp-json\/wp\/v2\/types\/page"}],"author":[{"embeddable":true,"href":"https:\/\/www.hotel-cafe-central.at\/it\/wp-json\/wp\/v2\/users\/3"}],"replies":[{"embeddable":true,"href":"https:\/\/www.hotel-cafe-central.at\/it\/wp-json\/wp\/v2\/comments?post=2436"}],"version-history":[{"count":1,"href":"https:\/\/www.hotel-cafe-central.at\/it\/wp-json\/wp\/v2\/pages\/2436\/revisions"}],"predecessor-version":[{"id":8973,"href":"https:\/\/www.hotel-cafe-central.at\/it\/wp-json\/wp\/v2\/pages\/2436\/revisions\/8973"}],"wp:attachment":[{"href":"https:\/\/www.hotel-cafe-central.at\/it\/wp-json\/wp\/v2\/media?parent=2436"}],"curies":[{"name":"wp","href":"https:\/\/api.w.org\/{rel}","templated":true}]}}